{"id":1016,"date":"2023-12-20T18:19:49","date_gmt":"2023-12-20T17:19:49","guid":{"rendered":"https:\/\/www.e-pedal.fr\/?post_type=dt_portfolio&#038;p=1016"},"modified":"2024-03-17T06:57:30","modified_gmt":"2024-03-17T05:57:30","slug":"marin-bike-four-corner","status":"publish","type":"dt_portfolio","link":"https:\/\/www.e-pedal.fr\/fr\/s\u00e9jours\/marin-bike-four-corner\/","title":{"rendered":"Gravel Marin Bike Four Corners"},"content":{"rendered":"<p><strong>La s\u00e9rie Four Corners est parfaitement adapt\u00e9e aux d\u00e9placements d&rsquo;aujourd&rsquo;hui et aux aventures de demain. Le cadre et la fourche en acier 4130 CrMo sont con\u00e7us pour supporter des voyages \u00e0 pleine charge, avec jusqu&rsquo;\u00e0 six porte-bidons, des oeillets de porte-bagages et gardes-boue, des supports de fourche surbaiss\u00e9s, une garde au sol g\u00e9n\u00e9reuse et des freins \u00e0 disques pour arr\u00eater le tout peu importe la charge \u00e0 bord. Un v\u00e9lo gravel de voyage confortable avec son poste de pilotage relev\u00e9 et une m\u00e9canique simple r\u00e9parable partout dans le monde<\/strong><\/p>\n<h4 style=\"text-align: center;\"><strong><del>1300\u20ac<\/del><\/strong><\/h4>\n<h4 style=\"text-align: center;\"><strong>999\u20ac neuf<\/strong><\/h4>\n<p style=\"text-align: center;\"><strong><a href=\"https:\/\/www.marinbikes.com\/fr\/bikes\/2023-four-corners-2\">voir la fiche constructeur<\/a><\/strong><\/p>\n<p><\/p>","protected":false},"excerpt":{"rendered":"<p>La s\u00e9rie Four Corners est parfaitement adapt\u00e9e aux d\u00e9placements d&rsquo;aujourd&rsquo;hui et aux aventures de demain. Le cadre et la fourche en acier 4130 CrMo sont con\u00e7us pour supporter des voyages \u00e0 pleine charge, avec jusqu&rsquo;\u00e0 six porte-bidons, des oeillets de porte-bagages et gardes-boue, des supports de fourche surbaiss\u00e9s, une garde au sol g\u00e9n\u00e9reuse et des&hellip;<\/p>\n","protected":false},"author":3,"featured_media":1017,"comment_status":"closed","ping_status":"closed","template":"","dt_portfolio_category":[194,202],"dt_portfolio_tags":[],"class_list":["post-1016","dt_portfolio","type-dt_portfolio","status-publish","has-post-thumbnail","hentry","dt_portfolio_category-destockage-velo","dt_portfolio_category-velo-route-gravel","dt_portfolio_category-194","dt_portfolio_category-202","description-off"],"acf":[],"_links":{"self":[{"href":"https:\/\/www.e-pedal.fr\/fr\/wp-json\/wp\/v2\/dt_portfolio\/1016","targetHints":{"allow":["GET"]}}],"collection":[{"href":"https:\/\/www.e-pedal.fr\/fr\/wp-json\/wp\/v2\/dt_portfolio"}],"about":[{"href":"https:\/\/www.e-pedal.fr\/fr\/wp-json\/wp\/v2\/types\/dt_portfolio"}],"author":[{"embeddable":true,"href":"https:\/\/www.e-pedal.fr\/fr\/wp-json\/wp\/v2\/users\/3"}],"replies":[{"embeddable":true,"href":"https:\/\/www.e-pedal.fr\/fr\/wp-json\/wp\/v2\/comments?post=1016"}],"version-history":[{"count":3,"href":"https:\/\/www.e-pedal.fr\/fr\/wp-json\/wp\/v2\/dt_portfolio\/1016\/revisions"}],"predecessor-version":[{"id":1046,"href":"https:\/\/www.e-pedal.fr\/fr\/wp-json\/wp\/v2\/dt_portfolio\/1016\/revisions\/1046"}],"wp:featuredmedia":[{"embeddable":true,"href":"https:\/\/www.e-pedal.fr\/fr\/wp-json\/wp\/v2\/media\/1017"}],"wp:attachment":[{"href":"https:\/\/www.e-pedal.fr\/fr\/wp-json\/wp\/v2\/media?parent=1016"}],"wp:term":[{"taxonomy":"dt_portfolio_category","embeddable":true,"href":"https:\/\/www.e-pedal.fr\/fr\/wp-json\/wp\/v2\/dt_portfolio_category?post=1016"},{"taxonomy":"dt_portfolio_tags","embeddable":true,"href":"https:\/\/www.e-pedal.fr\/fr\/wp-json\/wp\/v2\/dt_portfolio_tags?post=1016"}],"curies":[{"name":"wp","href":"https:\/\/api.w.org\/{rel}","templated":true}]}}