{"id":518,"date":"2020-10-08T23:35:37","date_gmt":"2020-10-08T21:35:37","guid":{"rendered":"https:\/\/www.e-pedal.fr\/?post_type=dt_portfolio&#038;p=518"},"modified":"2023-12-13T21:59:51","modified_gmt":"2023-12-13T20:59:51","slug":"nuit-en-refuge-2-jours-1-nuit","status":"publish","type":"dt_portfolio","link":"https:\/\/www.e-pedal.fr\/en\/s\u00e9jours\/nuit-en-refuge-2-jours-1-nuit\/","title":{"rendered":"Night in a mountain hut (2 days &#8211; 1 night)"},"content":{"rendered":"<div class=\"wpb-content-wrapper\"><p>[vc_row][vc_column]<div id=\"ultimate-heading-738069f5936545011\" class=\"uvc-heading ult-adjust-bottom-margin ultimate-heading-738069f5936545011 uvc-5817  uvc-heading-default-font-sizes\" data-hspacer=\"no_spacer\"  data-halign=\"center\" style=\"text-align:center\"><div class=\"uvc-heading-spacer no_spacer\" style=\"top\"><\/div><div class=\"uvc-main-heading ult-responsive\"  data-ultimate-target='.uvc-heading.ultimate-heading-738069f5936545011 h2'  data-responsive-json-new='{\"font-size\":\"\",\"line-height\":\"\"}' ><h2 style=\"--font-weight:theme;\">Night in a mountain hut<\/h2><\/div><div class=\"uvc-sub-heading ult-responsive\"  data-ultimate-target='.uvc-heading.ultimate-heading-738069f5936545011 .uvc-sub-heading '  data-responsive-json-new='{\"font-size\":\"\",\"line-height\":\"\"}'  style=\"font-weight:normal;\"><\/p>\n<h5>2 jours de vtt \u00e9lectrique entre Durance et Bu\u00ebch<\/h5>\n<p><\/div><\/div>[vc_row_inner css=&#8221;.vc_custom_1593123946644{padding-top: 25px !important;}&#8221;][vc_column_inner]<div class=\"smile_icon_list_wrap ult_info_list_container ult-adjust-bottom-margin  \"><ul class=\"smile_icon_list top circle with_bg\"><li class=\"icon_list_item\" style=\" font-size:54px;\"><div class=\"icon_list_icon\" data-animation=\"\" data-animation-delay=\"03\" style=\"font-size:18px;border-width:1px;border-style:none;background:#00bdc0;color:#ffffff;border-color:#333333;\"><i class=\"Defaults-clock-o\" ><\/i><\/div><div class=\"icon_description\" id=\"Info-list-wrap-7676\" style=\"font-size:18px;\"><h3 class=\"ult-responsive info-list-heading\"  data-ultimate-target='#Info-list-wrap-7676 h3'  data-responsive-json-new='{\"font-size\":\"desktop:16px;\",\"line-height\":\"desktop:24px;\"}'  style=\"\">Dur\u00e9e<\/h3><div class=\"icon_description_text ult-responsive\"  data-ultimate-target='#Info-list-wrap-7676 .icon_description_text'  data-responsive-json-new='{\"font-size\":\"desktop:13px;\",\"line-height\":\"desktop:18px;\"}'  style=\"\"><p>2 jours, 1 nuits, au d\u00e9part de Gap<\/p>\n<\/div><\/div><div class=\"icon_list_connector\" data-animation=\"fadeInLeft\" data-animation-delay=\"03\" style=\"border-top-width: 1px;border-top-style: dotted;border-color: #c8ed3b;\"><\/div><\/li><li class=\"icon_list_item\" style=\" font-size:54px;\"><div class=\"icon_list_icon\" data-animation=\"\" data-animation-delay=\"03\" style=\"font-size:18px;border-width:1px;border-style:none;background:#00bdc0;color:#ffffff;border-color:#333333;\"><i class=\"Defaults-tags\" ><\/i><\/div><div class=\"icon_description\" id=\"Info-list-wrap-7898\" style=\"font-size:18px;\"><h3 class=\"ult-responsive info-list-heading\"  data-ultimate-target='#Info-list-wrap-7898 h3'  data-responsive-json-new='{\"font-size\":\"desktop:16px;\",\"line-height\":\"desktop:24px;\"}'  style=\"\">Type de pratique<\/h3><div class=\"icon_description_text ult-responsive\"  data-ultimate-target='#Info-list-wrap-7898 .icon_description_text'  data-responsive-json-new='{\"font-size\":\"desktop:13px;\",\"line-height\":\"desktop:18px;\"}'  style=\"\"><p>VTT<\/p>\n<\/div><\/div><div class=\"icon_list_connector\" data-animation=\"fadeInLeft\" data-animation-delay=\"03\" style=\"border-top-width: 1px;border-top-style: dotted;border-color: #c8ed3b;\"><\/div><\/li><li class=\"icon_list_item\" style=\" font-size:54px;\"><div class=\"icon_list_icon\" data-animation=\"\" data-animation-delay=\"03\" style=\"font-size:18px;border-width:1px;border-style:none;background:#00bdc0;color:#ffffff;border-color:#333333;\"><i class=\"Defaults-signal\" ><\/i><\/div><div class=\"icon_description\" id=\"Info-list-wrap-9221\" style=\"font-size:18px;\"><h3 class=\"ult-responsive info-list-heading\"  data-ultimate-target='#Info-list-wrap-9221 h3'  data-responsive-json-new='{\"font-size\":\"desktop:16px;\",\"line-height\":\"desktop:24px;\"}'  style=\"\">Niveau physique<\/h3><div class=\"icon_description_text ult-responsive\"  data-ultimate-target='#Info-list-wrap-9221 .icon_description_text'  data-responsive-json-new='{\"font-size\":\"desktop:13px;\",\"line-height\":\"desktop:18px;\"}'  style=\"\"><p>En forme<\/p>\n<\/div><\/div><div class=\"icon_list_connector\" data-animation=\"fadeInLeft\" data-animation-delay=\"03\" style=\"border-top-width: 1px;border-top-style: dotted;border-color: #c8ed3b;\"><\/div><\/li><li class=\"icon_list_item\" style=\" font-size:54px;\"><div class=\"icon_list_icon\" data-animation=\"\" data-animation-delay=\"03\" style=\"font-size:18px;border-width:1px;border-style:none;background:#00bdc0;color:#ffffff;border-color:#333333;\"><i class=\"Defaults-signal\" ><\/i><\/div><div class=\"icon_description\" id=\"Info-list-wrap-6587\" style=\"font-size:18px;\"><h3 class=\"ult-responsive info-list-heading\"  data-ultimate-target='#Info-list-wrap-6587 h3'  data-responsive-json-new='{\"font-size\":\"desktop:16px;\",\"line-height\":\"desktop:24px;\"}'  style=\"\">Niveau technique<\/h3><div class=\"icon_description_text ult-responsive\"  data-ultimate-target='#Info-list-wrap-6587 .icon_description_text'  data-responsive-json-new='{\"font-size\":\"desktop:13px;\",\"line-height\":\"desktop:18px;\"}'  style=\"\"><p>1\/3<\/p>\n<\/div><\/div><div class=\"icon_list_connector\" data-animation=\"fadeInLeft\" data-animation-delay=\"03\" style=\"border-top-width: 1px;border-top-style: dotted;border-color: #c8ed3b;\"><\/div><\/li><\/ul><\/div>[\/vc_column_inner][\/vc_row_inner][vc_column_text]<\/p>\n<h6>D\u00e9clinaison \u00e9ventuelle : version &#8220;sportif&#8221;<\/h6>\n<p>[\/vc_column_text][\/vc_column][\/vc_row][vc_row equal_height=&#8221;yes&#8221; css=&#8221;.vc_custom_1602180285827{margin-top: 0px !important;padding-top: 0px !important;}&#8221;][vc_column width=&#8221;2\/3&#8243; css=&#8221;.vc_custom_1602180395896{padding-bottom: 0px !important;}&#8221;][vc_single_image image=&#8221;527&#8243; img_size=&#8221;full&#8221; css=&#8221;.vc_custom_1602193236019{margin-bottom: 0px !important;padding-bottom: 0px !important;}&#8221;][\/vc_column][vc_column width=&#8221;1\/3&#8243; css=&#8221;.vc_custom_1602180437038{border-top-width: 1px !important;border-right-width: 1px !important;border-bottom-width: 1px !important;border-left-width: 1px !important;padding-top: 25px !important;padding-right: 15px !important;padding-bottom: 0px !important;padding-left: 15px !important;background-color: #00bdc0 !important;}&#8221;]<div id=\"ultimate-heading-259669f59365451c6\" class=\"uvc-heading ult-adjust-bottom-margin ultimate-heading-259669f59365451c6 uvc-3262  uvc-heading-default-font-sizes\" data-hspacer=\"no_spacer\"  data-halign=\"center\" style=\"text-align:center\"><div class=\"uvc-heading-spacer no_spacer\" style=\"top\"><\/div><div class=\"uvc-main-heading ult-responsive\"  data-ultimate-target='.uvc-heading.ultimate-heading-259669f59365451c6 h4'  data-responsive-json-new='{\"font-size\":\"\",\"line-height\":\"\"}' ><h4 style=\"--font-weight:theme;color:#ffffff;\">Ce s\u00e9jour vous int\u00e9resse ?<\/h4><\/div><\/div>[vc_column_text el_class=&#8221;white&#8221; css=&#8221;.vc_custom_1602180039026{padding-top: 25px !important;}&#8221;]<\/p>\n<p style=\"text-align: center;\">Renseignements et inscriptions, contactez<\/p>\n<h5 style=\"text-align: center;\">Manu Danjou<br \/>\n+ 33 (0) 686 762 448<\/h5>\n<p>[\/vc_column_text]<div id=\"ultimate-heading-542469f59365451f6\" class=\"uvc-heading ult-adjust-bottom-margin ultimate-heading-542469f59365451f6 uvc-3773  uvc-heading-default-font-sizes\" data-hspacer=\"line_only\"  data-halign=\"center\" style=\"text-align:center\"><div class=\"uvc-main-heading ult-responsive\"  data-ultimate-target='.uvc-heading.ultimate-heading-542469f59365451f6 h4'  data-responsive-json-new='{\"font-size\":\"\",\"line-height\":\"\"}' ><h4 style=\"--font-weight:theme;color:#ffffff;margin-bottom:25px;\">Dates de d\u00e9part 2021<\/h4><\/div><div class=\"uvc-heading-spacer line_only\" style=\"margin-bottom:25px;height:1px;\"><span class=\"uvc-headings-line\" style=\"border-style:solid;border-bottom-width:1px;border-color:#ffffff;width:100px;\"><\/span><\/div><\/div>[\/vc_column][\/vc_row][vc_row css=&#8221;.vc_custom_1602180442271{margin-top: 25px !important;}&#8221;][vc_column]<div id=\"ultimate-heading-393869f593654520f\" class=\"uvc-heading ult-adjust-bottom-margin ultimate-heading-393869f593654520f uvc-1061  uvc-heading-default-font-sizes\" data-hspacer=\"no_spacer\"  data-halign=\"left\" style=\"text-align:left\"><div class=\"uvc-heading-spacer no_spacer\" style=\"top\"><\/div><div class=\"uvc-main-heading ult-responsive\"  data-ultimate-target='.uvc-heading.ultimate-heading-393869f593654520f h4'  data-responsive-json-new='{\"font-size\":\"\",\"line-height\":\"\"}' ><h4 style=\"--font-weight:theme;margin-bottom:25px;\">Descriptif global<\/h4><\/div><\/div>[vc_column_text]<strong>Pas besoin d\u2019\u00eatre un pilote pour partir en itin\u00e9rance !<\/strong><\/p>\n<p>Pas besoin de poser des cong\u00e9s : une aventure \u00e0 r\u00e9aliser le temps d\u2019un week end entre amis ou en famille.<\/p>\n<p>Une nuit en refuge, c&#8217;est l&#8217;occasion de rompre avec le temps qui court, mettre le quotidien entre parenth\u00e8ses\u2026 mais aussi d&#8217;arpenter \u00e0 deux pas de chez soi des lieux sauvages sans voyage fatiguant.<\/p>\n<p>Approchez vous des sommets, vivez les instants magiques d\u2019un coucher de soleil, de la tomb\u00e9e de la nuit, des premiers rayons du jour. Allez \u00e0 la d\u00e9couverte de quelques lacs, de gorges sauvages franchisser les cols en toute simplicit\u00e9\u2026. Un parcours accessible \u00e0 tous vous fera d\u00e9couvrir la montagne d\u2019Aujour et son refuge.<\/p>\n<p>R\u00e9cup\u00e9ration des participants \u00e0 la Gare de Gap ou rendez-vous place du village \u00e0 Ch\u00e2teauvieux.<\/p>\n<p>Pour des pratiquants ayant de bonne base de pilotage \u00e0 VTT.[\/vc_column_text][\/vc_column][\/vc_row][vc_row css=&#8221;.vc_custom_1593124964449{margin-top: 0px !important;padding-top: 0px !important;}&#8221;][vc_column]<div id=\"ultimate-heading-646569f5936545228\" class=\"uvc-heading ult-adjust-bottom-margin ultimate-heading-646569f5936545228 uvc-2685  uvc-heading-default-font-sizes\" data-hspacer=\"no_spacer\"  data-halign=\"left\" style=\"text-align:left\"><div class=\"uvc-heading-spacer no_spacer\" style=\"top\"><\/div><div class=\"uvc-main-heading ult-responsive\"  data-ultimate-target='.uvc-heading.ultimate-heading-646569f5936545228 h4'  data-responsive-json-new='{\"font-size\":\"\",\"line-height\":\"\"}' ><h4 style=\"--font-weight:theme;margin-bottom:25px;\">Descriptif d\u00e9taill\u00e9<\/h4><\/div><\/div>[vc_tta_tour style=&#8221;modern&#8221; color=&#8221;turquoise&#8221; controls_size=&#8221;md&#8221; active_section=&#8221;1&#8243;][vc_tta_section title=&#8221;Jour 1 : LA MONTAGE D\u2019AUJOUR&#8221; tab_id=&#8221;1601926003100-e1132e33-284dfa3a-abf3c2d8-6af7&#8243;][vc_column_text]<\/p>\n<h5>Jour 1 :\u00a0 LA MONTAGE D\u2019AUJOUR<\/h5>\n<p><em><strong>De Chateauvieux \u00e0 Aujour &#8211; 40 km | 1000 m + | 550 m \u2013<\/strong><\/em><\/p>\n<p>Au d\u00e9part du gapen\u00e7ais, l\u2019itin\u00e9raire \u00e9volue tout en douceur au fil de la Durance, \u00e0 travers les vergers. La pause au bard du lac annoce la mont\u00e9e au refuge\u00a0: plus d\u2019une dizaine de kilom\u00e8tres sur une piste carrossable m\u00e8ne \u00e0 un plateau sauvage et au refuge des Baous.<\/p>\n<p>#refuge, Ch\u00e2teau de Tallard, Durance, pic de Crigne, Montagne d\u2019Aujour[\/vc_column_text][\/vc_tta_section][vc_tta_section title=&#8221;Jour 2 : LES CONTREFORTS DE CEUZE&#8221; tab_id=&#8221;1593125212229-01099b5d-7769fa3a-abf3c2d8-6af7&#8243;][vc_column_text]<\/p>\n<h5>J2 LES CONTREFORTS DE CEUZE<\/h5>\n<p><em><strong>D&#8217;Aujour \u00e0 Chateauvieux &#8211; 52 km | 1100 m + | 1650 m \u2013<\/strong><\/em><\/p>\n<p>Pleins les yeux pour cette journ\u00e9e tr\u00e8s sauvage. Le d\u00e9part matinal sera propice \u00e0 surprendre un chevreuil, un sanglier. Vous traversez le plateau, passez le lac avant de descendre dans les gorges du Gouravour entre deux murailles calcaires.<\/p>\n<p>Une jonction par des petites routes sillonantes dans les terres noires m\u00e8ne \u00e0 une ascension\u00a0: destination le col des Gu\u00e9rins, passage oblig\u00e9 entre deux cons\u0153urs Ceuze et Ceuzette.<\/p>\n<p>Une pause au lac de Pelleautier\u00a0? \u00e0 moins que vous ne pr\u00e9f\u00e9riez le retour \u00e0 Chateauvieux de villages perch\u00e9s en points de vues avant de redescendre dans la vall\u00e9e et retrouver Chateauvieux.<\/p>\n<p># Buech, Ceuze Ceuzette, lac de Pelleautier, Gorges du Gouravour, Aujour[\/vc_column_text][\/vc_tta_section][\/vc_tta_tour][\/vc_column][\/vc_row][vc_row][vc_column]<div id=\"ultimate-heading-801769f5936545247\" class=\"uvc-heading ult-adjust-bottom-margin ultimate-heading-801769f5936545247 uvc-2634  uvc-heading-default-font-sizes\" data-hspacer=\"no_spacer\"  data-halign=\"left\" style=\"text-align:left\"><div class=\"uvc-heading-spacer no_spacer\" style=\"top\"><\/div><div class=\"uvc-main-heading ult-responsive\"  data-ultimate-target='.uvc-heading.ultimate-heading-801769f5936545247 h4'  data-responsive-json-new='{\"font-size\":\"\",\"line-height\":\"\"}' ><h4 style=\"--font-weight:theme;\">Tarifs<\/h4><\/div><\/div>[vc_row_inner css=&#8221;.vc_custom_1602180206276{padding-top: 25px !important;}&#8221;][vc_column_inner width=&#8221;1\/3&#8243;][vc_column_text]<\/p>\n<h6>Tarif version accompagn\u00e9e : \u00e0 partir de 220\u20ac<\/h6>\n<p>[\/vc_column_text][\/vc_column_inner][vc_column_inner width=&#8221;1\/3&#8243;][vc_column_text]<\/p>\n<h6>Tarif &#8220;en libert\u00e9&#8221; : \u00e0 partir de 150\u20ac\/personne<\/h6>\n<p>[\/vc_column_text][\/vc_column_inner][vc_column_inner width=&#8221;1\/3&#8243;][\/vc_column_inner][\/vc_row_inner][vc_toggle title=&#8221;Le tarif inclut&#8221; color=&#8221;turquoise&#8221; custom_font_container=&#8221;tag:h6|text_align:left|color:%23353535&#8243; custom_use_theme_fonts=&#8221;yes&#8221; use_custom_heading=&#8221;true&#8221;]Du lieu du rendez-vous \u00e0 celui de la s\u00e9paration, dans le cadre du d\u00e9roulement normal du programme, <strong>le tarif inclut<\/strong> les prestations suivantes :<\/p>\n<ul>\n<li>L\u2019encadrement par un guide E-Pedal dipl\u00f4m\u00e9 d\u2019Etat.<\/li>\n<li>La pension compl\u00e8te :\n<ul>\n<li>Les repas de midi : pique-niques froids pris sur le terrain (salade compos\u00e9e \u00e0 base de f\u00e9culent, charcuterie, fromage et fruit);<\/li>\n<li>Le matin et le soir : en g\u00eete, souper copieux, chaud et \u00e9quilibr\u00e9 et petit-d\u00e9jeuner complet<\/li>\n<\/ul>\n<\/li>\n<\/ul>\n<ul>\n<li>Des barres de c\u00e9r\u00e9ales \u00e9nerg\u00e9tiques.<\/li>\n<li>La r\u00e9servation des places en g\u00eete ou auberges, en chambre commune ou dortoir (pour les groupes constitu\u00e9s, possibilit\u00e9 de dormir en chambre double. Devis personnalis\u00e9 sur demande.).<\/li>\n<li>Le transport des bagages d&#8217;un h\u00e9bergement \u00e0 l&#8217;autre.<\/li>\n<\/ul>\n<p>[\/vc_toggle][vc_toggle title=&#8221;Le tarif n&#8217;inclut pas&#8221; color=&#8221;turquoise&#8221; custom_font_container=&#8221;tag:h6|text_align:left|color:%23353535&#8243; custom_use_theme_fonts=&#8221;yes&#8221; use_custom_heading=&#8221;true&#8221;]<strong>Le tarif n&#8217;inclut pas :<\/strong><\/p>\n<ul>\n<li>La location d\u2019un VTT (voir paragraphe ci-dessous).<\/li>\n<li>Le pr\u00e9-acheminement jusqu&#8217;au lieu de rendez-vous.<\/li>\n<li>L&#8217;assurance, l\u2019assistance.<\/li>\n<li>Les boissons.<\/li>\n<li>Les visites de mus\u00e9es, monuments et sites non pr\u00e9vus au programme.<\/li>\n<li>Les d\u00e9placements suppl\u00e9mentaires li\u00e9s \u00e0 une modification du programme pour raisons m\u00e9t\u00e9orologiques.<\/li>\n<li>Toutes les d\u00e9penses personnelles.<\/li>\n<li>Tout ce qui n\u2019est pas indiqu\u00e9 dans la rubrique \u201cle tarif inclut&#8221;.<\/li>\n<\/ul>\n<p>[\/vc_toggle][vc_toggle title=&#8221;Les tarifs de location de v\u00e9los&#8221; color=&#8221;turquoise&#8221; custom_font_container=&#8221;tag:h6|text_align:left|color:%23353535&#8243; custom_use_theme_fonts=&#8221;yes&#8221; use_custom_heading=&#8221;true&#8221;]<\/p>\n<table border=\"1\" width=\"588\" cellspacing=\"0\" cellpadding=\"5\">\n<tbody>\n<tr valign=\"BOTTOM\">\n<td bgcolor=\"#ffffff\" width=\"241\" height=\"8\"><span lang=\"fr-FR\">Nombre de jours<\/span><\/td>\n<td bgcolor=\"#ffffff\" width=\"38\">\n<p align=\"CENTER\"><span lang=\"fr-FR\">1<\/span><\/p>\n<\/td>\n<td bgcolor=\"#ffffff\" width=\"38\">\n<p align=\"CENTER\"><span lang=\"fr-FR\">2<\/span><\/p>\n<\/td>\n<td bgcolor=\"#ffffff\" width=\"38\">\n<p align=\"CENTER\"><span lang=\"fr-FR\">3<\/span><\/p>\n<\/td>\n<td bgcolor=\"#ffffff\" width=\"38\">\n<p align=\"CENTER\"><span lang=\"fr-FR\">4<\/span><\/p>\n<\/td>\n<td bgcolor=\"#ffffff\" width=\"38\">\n<p align=\"CENTER\"><span lang=\"fr-FR\">5<\/span><\/p>\n<\/td>\n<td bgcolor=\"#ffffff\" width=\"38\">\n<p align=\"CENTER\"><span lang=\"fr-FR\">6<\/span><\/p>\n<\/td>\n<td bgcolor=\"#ffffff\" width=\"37\">\n<p align=\"CENTER\"><span lang=\"fr-FR\">7<\/span><\/p>\n<\/td>\n<\/tr>\n<tr valign=\"BOTTOM\">\n<td bgcolor=\"#ffffff\" width=\"241\" height=\"9\"><span lang=\"fr-FR\">V\u00e9lo de route \/ Gravel<\/span><\/td>\n<td bgcolor=\"#ffffff\" width=\"38\">\n<p align=\"CENTER\"><span lang=\"fr-FR\">25 \u20ac<\/span><\/p>\n<\/td>\n<td bgcolor=\"#ffffff\" width=\"38\">\n<p align=\"CENTER\"><span lang=\"fr-FR\">50 \u20ac<\/span><\/p>\n<\/td>\n<td bgcolor=\"#ffffff\" width=\"38\">\n<p align=\"CENTER\"><span lang=\"fr-FR\">68 \u20ac<\/span><\/p>\n<\/td>\n<td bgcolor=\"#ffffff\" width=\"38\">\n<p align=\"CENTER\"><span lang=\"fr-FR\">80 \u20ac<\/span><\/p>\n<\/td>\n<td bgcolor=\"#ffffff\" width=\"38\">\n<p align=\"CENTER\"><span lang=\"fr-FR\">100 \u20ac<\/span><\/p>\n<\/td>\n<td bgcolor=\"#ffffff\" width=\"38\">\n<p align=\"CENTER\"><span lang=\"fr-FR\">120 \u20ac<\/span><\/p>\n<\/td>\n<td bgcolor=\"#ffffff\" width=\"37\">\n<p align=\"CENTER\"><span lang=\"fr-FR\">140 \u20ac<\/span><\/p>\n<\/td>\n<\/tr>\n<tr valign=\"BOTTOM\">\n<td bgcolor=\"#ffffff\" width=\"241\" height=\"9\"><span lang=\"fr-FR\">Velo ou VTT \u00e9lectriques semi rigide<\/span><\/td>\n<td bgcolor=\"#ffffff\" width=\"38\">\n<p align=\"CENTER\"><span lang=\"fr-FR\">25 \u20ac<\/span><\/p>\n<\/td>\n<td bgcolor=\"#ffffff\" width=\"38\">\n<p align=\"CENTER\"><span lang=\"fr-FR\">50 \u20ac<\/span><\/p>\n<\/td>\n<td bgcolor=\"#ffffff\" width=\"38\">\n<p align=\"CENTER\"><span lang=\"fr-FR\">68 \u20ac<\/span><\/p>\n<\/td>\n<td bgcolor=\"#ffffff\" width=\"38\">\n<p align=\"CENTER\"><span lang=\"fr-FR\">80 \u20ac<\/span><\/p>\n<\/td>\n<td bgcolor=\"#ffffff\" width=\"38\">\n<p align=\"CENTER\"><span lang=\"fr-FR\">100 \u20ac<\/span><\/p>\n<\/td>\n<td bgcolor=\"#ffffff\" width=\"38\">\n<p align=\"CENTER\"><span lang=\"fr-FR\">120 \u20ac<\/span><\/p>\n<\/td>\n<td bgcolor=\"#ffffff\" width=\"37\">\n<p align=\"CENTER\"><span lang=\"fr-FR\">140 \u20ac<\/span><\/p>\n<\/td>\n<\/tr>\n<tr valign=\"BOTTOM\">\n<td bgcolor=\"#ffffff\" width=\"241\" height=\"8\"><span lang=\"fr-FR\">VTT tout suspendu all mountain enduro<\/span><\/td>\n<td bgcolor=\"#ffffff\" width=\"38\">\n<p align=\"CENTER\"><span lang=\"fr-FR\">60 \u20ac<\/span><\/p>\n<\/td>\n<td bgcolor=\"#ffffff\" width=\"38\">\n<p align=\"CENTER\"><span lang=\"fr-FR\">120 \u20ac<\/span><\/p>\n<\/td>\n<td bgcolor=\"#ffffff\" width=\"38\">\n<p align=\"CENTER\"><span lang=\"fr-FR\">162 \u20ac<\/span><\/p>\n<\/td>\n<td bgcolor=\"#ffffff\" width=\"38\">\n<p align=\"CENTER\"><span lang=\"fr-FR\">192 \u20ac<\/span><\/p>\n<\/td>\n<td bgcolor=\"#ffffff\" width=\"38\">\n<p align=\"CENTER\"><span lang=\"fr-FR\">240 \u20ac<\/span><\/p>\n<\/td>\n<td bgcolor=\"#ffffff\" width=\"38\">\n<p align=\"CENTER\"><span lang=\"fr-FR\">288 \u20ac<\/span><\/p>\n<\/td>\n<td bgcolor=\"#ffffff\" width=\"37\">\n<p align=\"CENTER\"><span lang=\"fr-FR\">336 \u20ac<\/span><\/p>\n<\/td>\n<\/tr>\n<\/tbody>\n<\/table>\n<p>[\/vc_toggle][vc_column_text]<span lang=\"fr-FR\">Agence partenaire : <\/span>[\/vc_column_text][\/vc_column][\/vc_row]<\/p>\n<\/div>","protected":false},"excerpt":{"rendered":"<p>VTT<br \/>\n2 jours &#038; 1 nuit<br \/>\nEn forme<\/p>\n","protected":false},"author":2,"featured_media":528,"comment_status":"closed","ping_status":"closed","template":"","dt_portfolio_category":[90,89,193,86],"dt_portfolio_tags":[192],"class_list":["post-518","dt_portfolio","type-dt_portfolio","status-publish","has-post-thumbnail","hentry","dt_portfolio_category-2-jours","dt_portfolio_category-en-forme","dt_portfolio_category-sejour","dt_portfolio_category-vtt","dt_portfolio_tags-sejour","dt_portfolio_category-90","dt_portfolio_category-89","dt_portfolio_category-193","dt_portfolio_category-86","description-off"],"acf":[],"_links":{"self":[{"href":"https:\/\/www.e-pedal.fr\/en\/wp-json\/wp\/v2\/dt_portfolio\/518","targetHints":{"allow":["GET"]}}],"collection":[{"href":"https:\/\/www.e-pedal.fr\/en\/wp-json\/wp\/v2\/dt_portfolio"}],"about":[{"href":"https:\/\/www.e-pedal.fr\/en\/wp-json\/wp\/v2\/types\/dt_portfolio"}],"author":[{"embeddable":true,"href":"https:\/\/www.e-pedal.fr\/en\/wp-json\/wp\/v2\/users\/2"}],"replies":[{"embeddable":true,"href":"https:\/\/www.e-pedal.fr\/en\/wp-json\/wp\/v2\/comments?post=518"}],"version-history":[{"count":10,"href":"https:\/\/www.e-pedal.fr\/en\/wp-json\/wp\/v2\/dt_portfolio\/518\/revisions"}],"predecessor-version":[{"id":525,"href":"https:\/\/www.e-pedal.fr\/en\/wp-json\/wp\/v2\/dt_portfolio\/518\/revisions\/525"}],"wp:featuredmedia":[{"embeddable":true,"href":"https:\/\/www.e-pedal.fr\/en\/wp-json\/wp\/v2\/media\/528"}],"wp:attachment":[{"href":"https:\/\/www.e-pedal.fr\/en\/wp-json\/wp\/v2\/media?parent=518"}],"wp:term":[{"taxonomy":"dt_portfolio_category","embeddable":true,"href":"https:\/\/www.e-pedal.fr\/en\/wp-json\/wp\/v2\/dt_portfolio_category?post=518"},{"taxonomy":"dt_portfolio_tags","embeddable":true,"href":"https:\/\/www.e-pedal.fr\/en\/wp-json\/wp\/v2\/dt_portfolio_tags?post=518"}],"curies":[{"name":"wp","href":"https:\/\/api.w.org\/{rel}","templated":true}]}}